{"version":"1.0","provider_name":"A szabads\u00e1g rabs\u00e1g\u00e1ban","provider_url":"https:\/\/belaris.cafeblog.hu","author_name":"Belaris","author_url":"https:\/\/belaris.cafeblog.hu\/author\/Belaris\/","title":"blogol\u00e1s P\u00e9csr\u0151l :)","html":"<p>&nbsp;Nah\u00e1t N\u00f3rik\u00e1m ez igen! :) nem vagy semmi fiam.....amiket \u00edrt\u00e1l, j\u00f3t nevettem rajtad\/magamon<\/p><p>Akkor ideje lenne \u00e9szhez t\u00e9rni, mert 3 \u00e9ve irogatod, hogy lapos a kapcsolat D\u00f6ncivel, ehhez k\u00e9pest m\u00e9g mindig vele vagy :) gratula!<\/p><p>Na...........jelenleg P\u00e9csen lakom, aug-ban k\u00f6lt\u00f6ztem le, ott hagytam a hacsit...Itt semmit nem csin\u00e1lok, semmi \u00e9rtelmeset. Beiratkoztam angolra, de nem j\u00e1rok \u00e9s m\u00falt 7en elkezdtem a szem\u00e9lyi edz\u0151it, de m\u00e9g arra sem gyakorlok. Eg\u00e9sz nap a nagy semmi. D\u00f6nci d\u00e9lig alszik azt\u00e1n beseg\u00edt a nagy semmibe. A foci sem megy most sehogy........nem tudom mi lesz. Megfordult a fejembe, hogy hazamegyek, de Fannik\u00e1val mi lesz? :((((((<\/p><p>Zs\u00fclivel sokat besz\u00e9lek manaps\u00e1g, de \u0151 sem az aki...........egyenl\u0151re \u00fagy gondolom!<\/p><p>Szeretn\u00e9k k\u00fclf\u00f6ldre menni, j\u00f3l besz\u00e9lni az angolt \u00e9s j\u00f3 szem\u00e9lyi edz\u0151 lenni, per pillanat ezt szeretn\u00e9m :)<\/p><p>Rudit most engedik ki m\u00e1sodj\u00e1ra majd dec.20 \u00e1n.....azzal is rendbe kell tennem a kocsi \u00fcgyeket.<\/p><p>Az \u00e9telallergi\u00e1m fasz\u00e1ul vir\u00e1gzik na \u00e9s h\u00e1t az ev\u00e9ssel m\u00e9g mindig k\u00fczd\u00f6k meg a kil\u00f3kkal :)<\/p><p>Bravo n\u00f3rik\u00e1m az \u00e9lketeden semmit nem v\u00e1ltoztatt\u00e1l, egy nagy fos!<\/p><p><br><\/p><p><br><\/p>","type":"rich"}