{"version":"1.0","provider_name":"A szabads\u00e1g rabs\u00e1g\u00e1ban","provider_url":"https:\/\/belaris.cafeblog.hu","author_name":"Belaris","author_url":"https:\/\/belaris.cafeblog.hu\/author\/Belaris\/","title":"","html":"<P><SPAN style=\"COLOR: #000000\">&nbsp;Ma nem voltam a helyzet magaslat\u00e1n, valahogy besz\u00e9lni sem volt kedvem.<\/SPAN><\/P>\r\n<P><SPAN style=\"COLOR: #000000\">Rudi bejelentkezett, m\u00e1sf\u00e9l h\u00e9t ut\u00e1n miut\u00e1n visszaj\u00f6tt Veszpr\u00e9mb\u0151l h\u00edvott ma telefonon.&nbsp;Holnap t\u00e1rgyal\u00e1s Szolnokon, reggel indulok, de nem maradok v\u00e9gig, mert itthon 3kor m\u00e1r v\u00e1r egy \u00fcgyf\u00e9l. Nem tudom mit fog hozz\u00e1 sz\u00f3lni. F\u00e9lek att\u00f3l, hogy \u00e9rzi, hogy egyre ink\u00e1bb h\u00e1tt\u00e9rbe szorul az \u00e9letemben, de valahogy meg igenis \u00e9rezni kell, hogy lassan 5 \u00e9ve \u00e9l\u00fcnk k\u00fcl\u00f6n \u00e9s egyre nehezebben illeszthet\u0151 be az \u00e9letembe. Tervezni szeretn\u00e9k, de nem tudok, \u00edgy nem, am\u00edg van is valakim meg nincs is.<\/SPAN><SPAN style=\"COLOR: #000000\">Akkora padhelyzet, f\u00fa\u00fa\u00fa nem k\u00edv\u00e1nom senkinek. egy biztos, ha lesz m\u00e9g egy olyanpasi az \u00e9letmben aki b\u00f6rt\u00f6nbe ker\u00fcl hat\u00e1rozatlan id\u0151re, akkor ink\u00e1bb az elej\u00e9n fejezem be, de \u00e9n ezt m\u00e9gegyszer nem csin\u00e1lom v\u00e9gig. 5 \u00e9v az \u00e9letemb\u0151l....elment.<\/SPAN><\/P>","type":"rich"}